{"version":"1.0","provider_name":"Zenzero Divat","provider_url":"https:\/\/zenzerodivat.cafeblog.hu","author_name":"Zenzero Divat","author_url":"https:\/\/zenzerodivat.cafeblog.hu\/author\/zenzero_divat\/","title":"Kend\u0151t a hajba!","html":"<p>Azt hitted, hogy a kend\u0151ket csak a nyakadban hordhatod? Ny\u00e1ron j\u00f3 m\u00e9lyre \u00e1stad a szekr\u00e9nyedbe? Pedig a kend\u0151k, s\u00e1lak, keszken\u0151k ny\u00e1ron is csinos kieg\u00e9sz\u00edt\u0151k. \u00cdme n\u00e9h\u00e1ny \u00f6tlet, hogyan viseld trendi m\u00f3don a hajadban is a kend\u0151idet.<\/p>\r\n<p><a href=\"https:\/\/zenzerodivat.cafeblog.hu\/files\/2014\/06\/kendo4.jpg\"><img class=\"aligncenter size-medium wp-image-849\" src=\"https:\/\/zenzerodivat.cafeblog.hu\/files\/2014\/06\/kendo4-300x300.jpg\" alt=\"kendo4\" width=\"300\" height=\"300\" \/><\/a><\/p>\r\n<p style=\"text-align: center\">Fot\u00f3: <a href=\"http:\/\/www.zenzero.hu\/blog\/ilyen_volt_az_oktober_26\" target=\"_blank\">zenzero.hu <\/a><\/p>\r\n<p><strong>Kal\u00f3zos m\u00f3don<\/strong><\/p>\r\n<p>Ak\u00e1r r\u00f6vid, ak\u00e1r hossz\u00fa a hajad, k\u00f6ss a fejedre kal\u00f3zos m\u00f3don egy kend\u0151t. Oldalt csom\u00f3zd meg \u00e9s hagyd, hogy hosszan lel\u00f3gjon a v\u00e9ge.<\/p>\r\n<p>Ez a viselet egyr\u00e9szt megv\u00e9d a napsz\u00far\u00e1st\u00f3l a legforr\u00f3bb napokon, m\u00e1sr\u00e9szt akkor is csini leszel, ha \u00e9ppen nem volt id\u0151d reggel hajat mosni.<\/p>\r\n<p><a href=\"https:\/\/zenzerodivat.cafeblog.hu\/files\/2014\/06\/kendo3.jpg\"><img class=\"aligncenter size-medium wp-image-848\" src=\"https:\/\/zenzerodivat.cafeblog.hu\/files\/2014\/06\/kendo3-300x300.jpg\" alt=\"kendo3\" width=\"300\" height=\"300\" \/><\/a><\/p>\r\n<p style=\"text-align: center\">Mint ezen a r\u00e9gi Hermes kend\u0151 rekl\u00e1mon (Eredeti fot\u00f3<a href=\"http:\/\/cdn.stylefrizz.com\/img\/karlie-kloss-hermes-spring-summer-2010-ad-campaign-large.jpg\" target=\"_blank\"> itt<\/a>)<\/p>\r\n<p><strong>Hajba fonva<\/strong><\/p>\r\n<p>A hagyom\u00e1nyos h\u00e1rmas fon\u00e1s egyik sz\u00e1l\u00e1t v\u00e1ltsd ki kend\u0151vel. A kend\u0151t el\u0151sz\u00f6r tekerd \u00e9s csom\u00f3zd meg a fonat t\u00f6v\u00e9n\u00e9l, majd egyszer\u0171en fond \u00f6ssze a hajaddal. T\u00f6k\u00e9letes strandviselet, de ak\u00e1r a v\u00f6r\u00f6s sz\u0151nyegen is hordhat\u00f3. :)<\/p>\r\n<p><a href=\"https:\/\/zenzerodivat.cafeblog.hu\/files\/2014\/06\/kendo1.jpg\"><img class=\"aligncenter size-medium wp-image-847\" src=\"https:\/\/zenzerodivat.cafeblog.hu\/files\/2014\/06\/kendo1-300x300.jpg\" alt=\"kendo1\" width=\"300\" height=\"300\" \/><\/a><\/p>\r\n<p style=\"text-align: center\">Mint Nicole Kidman eleg\u00e1ns konty\u00e1ban (Eredeti fot\u00f3:<a href=\"http:\/\/www.bustle.com\/articles\/3664-8-modern-ways-to-wear-a-hair-scarf\/7\" target=\"_blank\"> itt<\/a>)<\/p>\r\n<p style=\"text-align: center\"><a href=\"https:\/\/zenzerodivat.cafeblog.hu\/files\/2014\/06\/kendo5.jpg\"><img class=\"aligncenter size-medium wp-image-851\" src=\"https:\/\/zenzerodivat.cafeblog.hu\/files\/2014\/06\/kendo5-300x300.jpg\" alt=\"kendo5\" width=\"300\" height=\"300\" \/><\/a><\/p>\r\n<p style=\"text-align: center\">Fot\u00f3: <a href=\"http:\/\/www.keikolynn.com\/2011\/07\/head-scarf-tutorial.html\" target=\"_blank\">Keiko Lynn<\/a><\/p>\r\n<p style=\"text-align: left\"><strong>Kontyosan, a hatvanas \u00e9vek st\u00edlus\u00e1ban<\/strong><\/p>\r\n<p style=\"text-align: left\">Egy kis tup\u00edr meg egy \u00e9l\u00e9nk sz\u00edn\u0171 kend\u0151cske, m\u00e1ris k\u00e9sz a retr\u00f3 frizura! <a href=\"http:\/\/www.keikolynn.com\/2011\/07\/head-scarf-tutorial.html\" target=\"_blank\">Keiko Lynn fantasztikus blogja<\/a> alapj\u00e1n\u00a0l\u00e9p\u00e9r\u0151l l\u00e9p\u00e9sre f\u00e9nyk\u00e9pes \u00fatmutat\u00f3val k\u00e9sz\u00edtheted el ezt a vag\u00e1ny frizur\u00e1t!<\/p>\r\n<p style=\"text-align: left\"><a href=\"https:\/\/zenzerodivat.cafeblog.hu\/files\/2014\/06\/kendo7.jpg\"><img class=\"aligncenter size-medium wp-image-853\" src=\"https:\/\/zenzerodivat.cafeblog.hu\/files\/2014\/06\/kendo7-300x300.jpg\" alt=\"kendo7\" width=\"300\" height=\"300\" \/><\/a><\/p>\r\n<p style=\"text-align: center\">Eredeti fot\u00f3 <a href=\"http:\/\/www.hairromance.com\/2012\/04\/5-ways-wear-scarf-top-knot-1.html\" target=\"_blank\">itt<\/a><\/p>\r\n<p style=\"text-align: left\"><strong>A f\u00e1nk k\u00f6r\u00e9 tekerve<\/strong><\/p>\r\n<p style=\"text-align: left\">Szinte biztos, hogy ezen a ny\u00e1ron is tombolni fog a fejre er\u0151s\u00edtett f\u00e1nkok \u0151r\u00fclete. Ez a csinos konty szinte mindenkinek j\u00f3l \u00e1ll, hiszen kiemeli a von\u00e1sokat. Egyetlen hib\u00e1ja, hogy csak hossz\u00fa hajb\u00f3l \u00e1ll\u00edthat\u00f3 el\u0151.<\/p>\r\n<p style=\"text-align: left\">Ha szeretn\u00e9l egy kis izgalmat vinni a viseletbe, akkor \u00e9rdemes feldobni m\u00e9g egy sz\u00ednes kend\u0151vel is :) A <a href=\"http:\/\/www.hairromance.com\/2012\/04\/5-ways-wear-scarf-top-knot-1.html\" target=\"_blank\">Hair Romance <\/a>blogon tal\u00e1lsz m\u00e9g p\u00e1r hasonl\u00f3an men\u0151 \u00f6tletet a konty elk\u00e9sz\u00edt\u00e9s\u00e9hez.<\/p>\r\n<p style=\"text-align: left\">\u00a0<\/p>","type":"rich","thumbnail_url":"https:\/\/zenzerodivat.cafeblog.hu\/files\/2014\/06\/kendo3-150x150.jpg","thumbnail_width":150,"thumbnail_height":150}